{"id":155,"date":"2022-04-08T15:34:06","date_gmt":"2022-04-08T15:34:06","guid":{"rendered":"https:\/\/developer.blink-eye.com\/moveisaf\/?page_id=155"},"modified":"2022-04-14T10:47:12","modified_gmt":"2022-04-14T10:47:12","slug":"salas-de-estar","status":"publish","type":"page","link":"https:\/\/moveisaf.com\/index.php\/salas-de-estar\/","title":{"rendered":"SALAS DE ESTAR"},"content":{"rendered":"\t\t<div data-elementor-type=\"wp-page\" data-elementor-id=\"155\" class=\"elementor elementor-155\" data-elementor-settings=\"[]\">\n\t\t\t\t\t\t\t<div class=\"elementor-section-wrap\">\n\t\t\t\t\t\t\t<section class=\"elementor-section elementor-top-section elementor-element elementor-element-6a7334f elementor-section-full_width elementor-section-height-default elementor-section-height-default\" data-id=\"6a7334f\" data-element_type=\"section\" id=\"home\" data-settings=\"{&quot;background_background&quot;:&quot;slideshow&quot;,&quot;background_slideshow_gallery&quot;:[{&quot;id&quot;:42,&quot;url&quot;:&quot;https:\\\/\\\/moveisaf.com\\\/wp-content\\\/uploads\\\/2022\\\/04\\\/af-moveis_003085-scaled.jpg&quot;},{&quot;id&quot;:41,&quot;url&quot;:&quot;https:\\\/\\\/moveisaf.com\\\/wp-content\\\/uploads\\\/2022\\\/04\\\/af-moveis_002804.jpg&quot;},{&quot;id&quot;:40,&quot;url&quot;:&quot;https:\\\/\\\/moveisaf.com\\\/wp-content\\\/uploads\\\/2022\\\/04\\\/af-moveis_002701_cab2-scaled.jpg&quot;}],&quot;background_slideshow_loop&quot;:&quot;yes&quot;,&quot;background_slideshow_slide_duration&quot;:5000,&quot;background_slideshow_slide_transition&quot;:&quot;fade&quot;,&quot;background_slideshow_transition_duration&quot;:500}\">\n\t\t\t\t\t\t<div class=\"elementor-container elementor-column-gap-default\">\n\t\t\t\t\t<div class=\"elementor-column elementor-col-100 elementor-top-column elementor-element elementor-element-0ccc723\" data-id=\"0ccc723\" data-element_type=\"column\">\n\t\t\t<div class=\"elementor-widget-wrap elementor-element-populated\">\n\t\t\t\t\t\t\t\t<div class=\"elementor-element elementor-element-0691058 elementor--h-position-center elementor--v-position-middle elementor-pagination-position-inside elementor-widget elementor-widget-slides\" data-id=\"0691058\" data-element_type=\"widget\" data-settings=\"{&quot;navigation&quot;:&quot;dots&quot;,&quot;transition&quot;:&quot;fade&quot;,&quot;autoplay&quot;:&quot;yes&quot;,&quot;pause_on_hover&quot;:&quot;yes&quot;,&quot;pause_on_interaction&quot;:&quot;yes&quot;,&quot;autoplay_speed&quot;:5000,&quot;infinite&quot;:&quot;yes&quot;,&quot;transition_speed&quot;:500}\" data-widget_type=\"slides.default\">\n\t\t\t\t<div class=\"elementor-widget-container\">\n\t\t\t<style>\/*! elementor-pro - v3.5.2 - 28-11-2021 *\/\n.elementor-slides .swiper-slide-bg{-webkit-background-size:cover;background-size:cover;background-position:50%;background-repeat:no-repeat;min-width:100%;min-height:100%}.elementor-slides .swiper-slide-inner{background-repeat:no-repeat;background-position:50%;position:absolute;top:0;left:0;bottom:0;right:0;padding:50px;margin:auto}.elementor-slides .swiper-slide-inner,.elementor-slides .swiper-slide-inner:hover{color:#fff;display:-webkit-box;display:-ms-flexbox;display:flex}.elementor-slides .swiper-slide-inner .elementor-background-overlay{position:absolute;z-index:0;top:0;bottom:0;left:0;right:0}.elementor-slides .swiper-slide-inner .elementor-slide-content{position:relative;z-index:1;width:100%}.elementor-slides .swiper-slide-inner .elementor-slide-heading{font-size:35px;font-weight:700;line-height:1}.elementor-slides .swiper-slide-inner .elementor-slide-description{font-size:17px;line-height:1.4}.elementor-slides .swiper-slide-inner .elementor-slide-description:not(:last-child),.elementor-slides .swiper-slide-inner .elementor-slide-heading:not(:last-child){margin-bottom:30px}.elementor-slides .swiper-slide-inner .elementor-slide-button{border:2px solid #fff;color:#fff;background:transparent;display:inline-block}.elementor-slides .swiper-slide-inner .elementor-slide-button,.elementor-slides .swiper-slide-inner .elementor-slide-button:hover{background:transparent;color:inherit;text-decoration:none}.elementor--v-position-top .swiper-slide-inner{-webkit-box-align:start;-ms-flex-align:start;align-items:flex-start}.elementor--v-position-bottom .swiper-slide-inner{-webkit-box-align:end;-ms-flex-align:end;align-items:flex-end}.elementor--v-position-middle .swiper-slide-inner{-webkit-box-align:center;-ms-flex-align:center;align-items:center}.elementor--h-position-left .swiper-slide-inner{-webkit-box-pack:start;-ms-flex-pack:start;justify-content:flex-start}.elementor--h-position-right .swiper-slide-inner{-webkit-box-pack:end;-ms-flex-pack:end;justify-content:flex-end}.elementor--h-position-center .swiper-slide-inner{-webkit-box-pack:center;-ms-flex-pack:center;justify-content:center}body.rtl .elementor-widget-slides .elementor-swiper-button-next{left:10px;right:auto}body.rtl .elementor-widget-slides .elementor-swiper-button-prev{right:10px;left:auto}.elementor-slides-wrapper div:not(.swiper-slide)>.swiper-slide-inner{display:none}@media (max-width:767px){.elementor-slides .swiper-slide-inner{padding:30px}.elementor-slides .swiper-slide-inner .elementor-slide-heading{font-size:23px;line-height:1;margin-bottom:15px}.elementor-slides .swiper-slide-inner .elementor-slide-description{font-size:13px;line-height:1.4;margin-bottom:15px}}<\/style>\t\t<div class=\"elementor-swiper\">\n\t\t\t<div class=\"elementor-slides-wrapper elementor-main-swiper swiper-container\" dir=\"ltr\" data-animation=\"\">\n\t\t\t\t<div class=\"swiper-wrapper elementor-slides\">\n\t\t\t\t\t\t\t\t\t\t<div class=\"elementor-repeater-item-ccc5989 swiper-slide\"><div class=\"swiper-slide-bg\"><\/div><div class=\"swiper-slide-inner\" ><div class=\"swiper-slide-contents\"><\/div><\/div><\/div><div class=\"elementor-repeater-item-e929d26 swiper-slide\"><div class=\"swiper-slide-bg\"><\/div><div class=\"swiper-slide-inner\" ><div class=\"swiper-slide-contents\"><\/div><\/div><\/div>\t\t\t\t<\/div>\n\t\t\t\t\t\t\t\t\t\t\t\t\t\t\t<div class=\"swiper-pagination\"><\/div>\n\t\t\t\t\t\t\t\t\t\t\t\t\t\t\t\t\t<\/div>\n\t\t<\/div>\n\t\t\t\t<\/div>\n\t\t\t\t<\/div>\n\t\t\t\t\t<\/div>\n\t\t<\/div>\n\t\t\t\t\t\t\t<\/div>\n\t\t<\/section>\n\t\t\t\t<section class=\"elementor-section elementor-top-section elementor-element elementor-element-c3d55d9 elementor-section-boxed elementor-section-height-default elementor-section-height-default\" data-id=\"c3d55d9\" data-element_type=\"section\">\n\t\t\t\t\t\t<div class=\"elementor-container elementor-column-gap-default\">\n\t\t\t\t\t<div class=\"elementor-column elementor-col-100 elementor-top-column elementor-element elementor-element-c4bf805\" data-id=\"c4bf805\" data-element_type=\"column\">\n\t\t\t<div class=\"elementor-widget-wrap elementor-element-populated\">\n\t\t\t\t\t\t\t\t<div class=\"elementor-element elementor-element-40ef9fb elementor-widget elementor-widget-heading\" data-id=\"40ef9fb\" data-element_type=\"widget\" id=\"produtos\" data-widget_type=\"heading.default\">\n\t\t\t\t<div class=\"elementor-widget-container\">\n\t\t\t<style>\/*! elementor - v3.5.4 - 23-01-2022 *\/\n.elementor-heading-title{padding:0;margin:0;line-height:1}.elementor-widget-heading .elementor-heading-title[class*=elementor-size-]>a{color:inherit;font-size:inherit;line-height:inherit}.elementor-widget-heading .elementor-heading-title.elementor-size-small{font-size:15px}.elementor-widget-heading .elementor-heading-title.elementor-size-medium{font-size:19px}.elementor-widget-heading .elementor-heading-title.elementor-size-large{font-size:29px}.elementor-widget-heading .elementor-heading-title.elementor-size-xl{font-size:39px}.elementor-widget-heading .elementor-heading-title.elementor-size-xxl{font-size:59px}<\/style><h2 class=\"elementor-heading-title elementor-size-default\">AS NOSSAS SALAS DE ESTAR<\/h2>\t\t<\/div>\n\t\t\t\t<\/div>\n\t\t\t\t\t<\/div>\n\t\t<\/div>\n\t\t\t\t\t\t\t<\/div>\n\t\t<\/section>\n\t\t\t\t<section class=\"elementor-section elementor-top-section elementor-element elementor-element-e0e95d6 elementor-section-boxed elementor-section-height-default elementor-section-height-default\" data-id=\"e0e95d6\" data-element_type=\"section\">\n\t\t\t\t\t\t<div class=\"elementor-container elementor-column-gap-default\">\n\t\t\t\t\t<div class=\"elementor-column elementor-col-100 elementor-top-column elementor-element elementor-element-3225af1\" data-id=\"3225af1\" data-element_type=\"column\">\n\t\t\t<div class=\"elementor-widget-wrap elementor-element-populated\">\n\t\t\t\t\t\t\t\t<div class=\"elementor-element elementor-element-e55bed5 elementor-widget elementor-widget-jet-portfolio\" data-id=\"e55bed5\" data-element_type=\"widget\" data-settings=\"{&quot;columns&quot;:&quot;4&quot;,&quot;columns_mobile&quot;:&quot;1&quot;,&quot;columns_tablet&quot;:&quot;2&quot;}\" data-widget_type=\"jet-portfolio.default\">\n\t\t\t\t<div class=\"elementor-widget-container\">\n\t\t\t<div class=\"elementor-jet-portfolio jet-elements\">\n<div class=\"jet-portfolio layout-type-grid preset-type-4 layout-desktop-column-4 layout-tablet-column-2 layout-mobile-column-1\" data-settings=\"{&quot;layoutType&quot;:&quot;grid&quot;,&quot;columns&quot;:&quot;4&quot;,&quot;columnsTablet&quot;:&quot;2&quot;,&quot;columnsMobile&quot;:&quot;1&quot;,&quot;perPage&quot;:6}\"><div class=\"jet-portfolio__list\"><article class=\"jet-portfolio__item visible-status\" data-slug=\"{&quot;0&quot;:&quot;all&quot;}\">\n\t<div class=\"jet-portfolio__inner\">\n\t\t<a class=\"jet-portfolio__link \" href=\"https:\/\/moveisaf.com\/index.php\/sala-de-estar-3011\/\">\n\t\t\t<div class=\"jet-portfolio__image\">\n\t\t\t\t<img decoding=\"async\" class=\"jet-portfolio__image-instance\" src=\"https:\/\/moveisaf.com\/wp-content\/uploads\/2022\/04\/AF-MOVEIS_SALA_ESTAR_3011_1-scaled.jpg\" width=\"2560\" height=\"1672\"  alt=\"AF-MOVEIS_SALA_ESTAR_3011_1\" loading=\"lazy\">\t\t\t\t<div class=\"jet-portfolio__image-loader\"><span><\/span><\/div>\n\t\t\t<\/div>\n\t\t<\/a>\n\t\t<div class=\"jet-portfolio__content\">\n\t\t\t<div class=\"jet-portfolio__content-inner\"><h4 class=\"jet-portfolio__title\">SALA DE ESTAR 3011<\/h4><p class=\"jet-portfolio__desc\">Melamina Preto com Frentes Melamina Carvalho R\u00fastico (com corredi\u00e7as tic-tac)<\/p><\/div>\n\t\t<\/div>\n\t<\/div>\n<\/article><article class=\"jet-portfolio__item visible-status\" data-slug=\"{&quot;0&quot;:&quot;all&quot;}\">\n\t<div class=\"jet-portfolio__inner\">\n\t\t<a class=\"jet-portfolio__link \" href=\"https:\/\/moveisaf.com\/index.php\/sala-de-estar-3013\/\">\n\t\t\t<div class=\"jet-portfolio__image\">\n\t\t\t\t<img decoding=\"async\" class=\"jet-portfolio__image-instance\" src=\"https:\/\/moveisaf.com\/wp-content\/uploads\/2022\/04\/AF-MOVEIS_SALA_ESTAR_3013_1-scaled.jpg\" width=\"2560\" height=\"1686\"  alt=\"AF-MOVEIS_SALA_ESTAR_3013_1\" loading=\"lazy\">\t\t\t\t<div class=\"jet-portfolio__image-loader\"><span><\/span><\/div>\n\t\t\t<\/div>\n\t\t<\/a>\n\t\t<div class=\"jet-portfolio__content\">\n\t\t\t<div class=\"jet-portfolio__content-inner\"><h4 class=\"jet-portfolio__title\">SALA DE ESTAR 3013<\/h4><p class=\"jet-portfolio__desc\">Melamina Freixo com Melamina Cinza<\/p><\/div>\n\t\t<\/div>\n\t<\/div>\n<\/article><article class=\"jet-portfolio__item visible-status\" data-slug=\"{&quot;0&quot;:&quot;all&quot;}\">\n\t<div class=\"jet-portfolio__inner\">\n\t\t<a class=\"jet-portfolio__link \" href=\"https:\/\/moveisaf.com\/index.php\/sala-de-estar-3015\/\">\n\t\t\t<div class=\"jet-portfolio__image\">\n\t\t\t\t<img decoding=\"async\" class=\"jet-portfolio__image-instance\" src=\"https:\/\/moveisaf.com\/wp-content\/uploads\/2022\/04\/AF-MOVEIS_SALA_ESTAR_3015_1-scaled.jpg\" width=\"2560\" height=\"1711\"  alt=\"AF-MOVEIS_SALA_ESTAR_3015_1\" loading=\"lazy\">\t\t\t\t<div class=\"jet-portfolio__image-loader\"><span><\/span><\/div>\n\t\t\t<\/div>\n\t\t<\/a>\n\t\t<div class=\"jet-portfolio__content\">\n\t\t\t<div class=\"jet-portfolio__content-inner\"><h4 class=\"jet-portfolio__title\">SALA DE ESTAR 3015<\/h4><p class=\"jet-portfolio__desc\">Melamina Carvalho R\u00fastico com Melamina Branco (com corredi\u00e7as met\u00e1licas)<\/p><\/div>\n\t\t<\/div>\n\t<\/div>\n<\/article><article class=\"jet-portfolio__item visible-status\" data-slug=\"{&quot;0&quot;:&quot;all&quot;}\">\n\t<div class=\"jet-portfolio__inner\">\n\t\t<a class=\"jet-portfolio__link \" href=\"https:\/\/moveisaf.com\/index.php\/sala-de-estar-3017\/\">\n\t\t\t<div class=\"jet-portfolio__image\">\n\t\t\t\t<img decoding=\"async\" class=\"jet-portfolio__image-instance\" src=\"https:\/\/moveisaf.com\/wp-content\/uploads\/2022\/04\/AF-MOVEIS_SALA_ESTAR_3017_1-scaled.jpg\" width=\"2560\" height=\"1608\"  alt=\"AF-MOVEIS_SALA_ESTAR_3017_1\" loading=\"lazy\">\t\t\t\t<div class=\"jet-portfolio__image-loader\"><span><\/span><\/div>\n\t\t\t<\/div>\n\t\t<\/a>\n\t\t<div class=\"jet-portfolio__content\">\n\t\t\t<div class=\"jet-portfolio__content-inner\"><h4 class=\"jet-portfolio__title\">SALA DE ESTAR 3017<\/h4><p class=\"jet-portfolio__desc\">Melamina Nogueira com Frentes Melamina Bege (com corredi\u00e7as tic-tac)<\/p><\/div>\n\t\t<\/div>\n\t<\/div>\n<\/article><article class=\"jet-portfolio__item visible-status\" data-slug=\"{&quot;0&quot;:&quot;all&quot;}\">\n\t<div class=\"jet-portfolio__inner\">\n\t\t<a class=\"jet-portfolio__link \" href=\"https:\/\/moveisaf.com\/index.php\/sala-de-estar-3019\/\">\n\t\t\t<div class=\"jet-portfolio__image\">\n\t\t\t\t<img decoding=\"async\" class=\"jet-portfolio__image-instance\" src=\"https:\/\/moveisaf.com\/wp-content\/uploads\/2022\/04\/AF-MOVEIS_SALA_ESTAR_3019_1-scaled.jpg\" width=\"2560\" height=\"1833\"  alt=\"AF-MOVEIS_SALA_ESTAR_3019_1\" loading=\"lazy\">\t\t\t\t<div class=\"jet-portfolio__image-loader\"><span><\/span><\/div>\n\t\t\t<\/div>\n\t\t<\/a>\n\t\t<div class=\"jet-portfolio__content\">\n\t\t\t<div class=\"jet-portfolio__content-inner\"><h4 class=\"jet-portfolio__title\">SALA DE ESTAR 3019<\/h4><p class=\"jet-portfolio__desc\">Melamina Wengue com Frentes Melamina Branco (com corredi\u00e7as met\u00e1licas)<\/p><\/div>\n\t\t<\/div>\n\t<\/div>\n<\/article><article class=\"jet-portfolio__item visible-status\" data-slug=\"{&quot;0&quot;:&quot;all&quot;}\">\n\t<div class=\"jet-portfolio__inner\">\n\t\t<a class=\"jet-portfolio__link \" href=\"https:\/\/moveisaf.com\/index.php\/sala-de-estar-3020\/\">\n\t\t\t<div class=\"jet-portfolio__image\">\n\t\t\t\t<img decoding=\"async\" class=\"jet-portfolio__image-instance\" src=\"https:\/\/moveisaf.com\/wp-content\/uploads\/2022\/04\/AF-MOVEIS_SALA_ESTAR_3020_1-scaled.jpg\" width=\"2560\" height=\"1526\"  alt=\"AF-MOVEIS_SALA_ESTAR_3020_1\" loading=\"lazy\">\t\t\t\t<div class=\"jet-portfolio__image-loader\"><span><\/span><\/div>\n\t\t\t<\/div>\n\t\t<\/a>\n\t\t<div class=\"jet-portfolio__content\">\n\t\t\t<div class=\"jet-portfolio__content-inner\"><h4 class=\"jet-portfolio__title\">SALA DE ESTAR 3020<\/h4><p class=\"jet-portfolio__desc\">Melamina Preto com Frentes Melamina Branco (com corredi\u00e7as met\u00e1licas)<\/p><\/div>\n\t\t<\/div>\n\t<\/div>\n<\/article><article class=\"jet-portfolio__item visible-status\" data-slug=\"{&quot;0&quot;:&quot;all&quot;}\">\n\t<div class=\"jet-portfolio__inner\">\n\t\t<a class=\"jet-portfolio__link \" href=\"https:\/\/moveisaf.com\/index.php\/sala-de-estar-3023\/\">\n\t\t\t<div class=\"jet-portfolio__image\">\n\t\t\t\t<img decoding=\"async\" class=\"jet-portfolio__image-instance\" src=\"https:\/\/moveisaf.com\/wp-content\/uploads\/2022\/04\/AF-MOVEIS_SALA_ESTAR_3023_1-scaled.jpg\" width=\"2560\" height=\"1744\"  alt=\"AF-MOVEIS_SALA_ESTAR_3023_1\" loading=\"lazy\">\t\t\t\t<div class=\"jet-portfolio__image-loader\"><span><\/span><\/div>\n\t\t\t<\/div>\n\t\t<\/a>\n\t\t<div class=\"jet-portfolio__content\">\n\t\t\t<div class=\"jet-portfolio__content-inner\"><h4 class=\"jet-portfolio__title\">SALA DE ESTAR 3023<\/h4><p class=\"jet-portfolio__desc\">Melamina Wengue com Frentes Melamina Cerejeira (com corredi\u00e7as met\u00e1licas)<\/p><\/div>\n\t\t<\/div>\n\t<\/div>\n<\/article><\/div><\/div>\n<\/div>\t\t<\/div>\n\t\t\t\t<\/div>\n\t\t\t\t\t<\/div>\n\t\t<\/div>\n\t\t\t\t\t\t\t<\/div>\n\t\t<\/section>\n\t\t\t\t\t\t<\/div>\n\t\t\t\t\t<\/div>\n\t\t","protected":false},"excerpt":{"rendered":"<p>AS NOSSAS SALAS DE ESTAR SALA DE ESTAR 3011 Melamina Preto com Frentes Melamina Carvalho R\u00fastico (com corredi\u00e7as tic-tac) SALA DE ESTAR 3013 Melamina Freixo com Melamina Cinza SALA DE ESTAR 3015 Melamina Carvalho R\u00fastico com Melamina Branco (com corredi\u00e7as met\u00e1licas) SALA DE ESTAR 3017 Melamina Nogueira com Frentes Melamina Bege (com corredi\u00e7as tic-tac) SALA &hellip;<\/p>\n<p class=\"read-more\"> <a class=\"\" href=\"https:\/\/moveisaf.com\/index.php\/salas-de-estar\/\"> <span class=\"screen-reader-text\">SALAS DE ESTAR<\/span> Read More &raquo;<\/a><\/p>\n","protected":false},"author":1,"featured_media":0,"parent":0,"menu_order":0,"comment_status":"closed","ping_status":"closed","template":"elementor_header_footer","meta":{"site-sidebar-layout":"no-sidebar","site-content-layout":"page-builder","ast-main-header-display":"","ast-hfb-above-header-display":"","ast-hfb-below-header-display":"","ast-hfb-mobile-header-display":"","site-post-title":"disabled","ast-breadcrumbs-content":"","ast-featured-img":"disabled","footer-sml-layout":"","theme-transparent-header-meta":"","adv-header-id-meta":"","stick-header-meta":"","header-above-stick-meta":"","header-main-stick-meta":"","header-below-stick-meta":"","footnotes":""},"class_list":["post-155","page","type-page","status-publish","hentry"],"_links":{"self":[{"href":"https:\/\/moveisaf.com\/index.php\/wp-json\/wp\/v2\/pages\/155","targetHints":{"allow":["GET"]}}],"collection":[{"href":"https:\/\/moveisaf.com\/index.php\/wp-json\/wp\/v2\/pages"}],"about":[{"href":"https:\/\/moveisaf.com\/index.php\/wp-json\/wp\/v2\/types\/page"}],"author":[{"embeddable":true,"href":"https:\/\/moveisaf.com\/index.php\/wp-json\/wp\/v2\/users\/1"}],"replies":[{"embeddable":true,"href":"https:\/\/moveisaf.com\/index.php\/wp-json\/wp\/v2\/comments?post=155"}],"version-history":[{"count":37,"href":"https:\/\/moveisaf.com\/index.php\/wp-json\/wp\/v2\/pages\/155\/revisions"}],"predecessor-version":[{"id":1906,"href":"https:\/\/moveisaf.com\/index.php\/wp-json\/wp\/v2\/pages\/155\/revisions\/1906"}],"wp:attachment":[{"href":"https:\/\/moveisaf.com\/index.php\/wp-json\/wp\/v2\/media?parent=155"}],"curies":[{"name":"wp","href":"https:\/\/api.w.org\/{rel}","templated":true}]}}